{"id":59,"date":"2019-11-02T23:44:36","date_gmt":"2019-11-03T04:44:36","guid":{"rendered":"https:\/\/wordpress-288344-1043469.cloudwaysapps.com\/?page_id=59"},"modified":"2025-05-05T09:19:41","modified_gmt":"2025-05-05T14:19:41","slug":"inicio","status":"publish","type":"page","link":"https:\/\/sextante.ucatolicaluisamigo.edu.co\/","title":{"rendered":"Inicio"},"content":{"rendered":"\t\t<div data-elementor-type=\"wp-page\" data-elementor-id=\"59\" class=\"elementor elementor-59\">\n\t\t\t\t<div class=\"elementor-element elementor-element-f7d67f6 e-con-full e-flex e-con e-parent\" data-id=\"f7d67f6\" data-element_type=\"container\">\n\t\t\t\t<div class=\"elementor-element elementor-element-df4892c elementor-widget-divider--view-line_icon elementor-view-default elementor-widget-divider--element-align-center elementor-widget elementor-widget-divider\" data-id=\"df4892c\" data-element_type=\"widget\" data-widget_type=\"divider.default\">\n\t\t\t\t<div class=\"elementor-widget-container\">\n\t\t\t\t\t\t\t<div class=\"elementor-divider\">\n\t\t\t<span class=\"elementor-divider-separator\">\n\t\t\t\t\t\t\t<div class=\"elementor-icon elementor-divider__element\">\n\t\t\t\t\t<svg aria-hidden=\"true\" class=\"e-font-icon-svg e-far-newspaper\" viewBox=\"0 0 576 512\" xmlns=\"http:\/\/www.w3.org\/2000\/svg\"><path d=\"M552 64H112c-20.858 0-38.643 13.377-45.248 32H24c-13.255 0-24 10.745-24 24v272c0 30.928 25.072 56 56 56h496c13.255 0 24-10.745 24-24V88c0-13.255-10.745-24-24-24zM48 392V144h16v248c0 4.411-3.589 8-8 8s-8-3.589-8-8zm480 8H111.422c.374-2.614.578-5.283.578-8V112h416v288zM172 280h136c6.627 0 12-5.373 12-12v-96c0-6.627-5.373-12-12-12H172c-6.627 0-12 5.373-12 12v96c0 6.627 5.373 12 12 12zm28-80h80v40h-80v-40zm-40 140v-24c0-6.627 5.373-12 12-12h136c6.627 0 12 5.373 12 12v24c0 6.627-5.373 12-12 12H172c-6.627 0-12-5.373-12-12zm192 0v-24c0-6.627 5.373-12 12-12h104c6.627 0 12 5.373 12 12v24c0 6.627-5.373 12-12 12H364c-6.627 0-12-5.373-12-12zm0-144v-24c0-6.627 5.373-12 12-12h104c6.627 0 12 5.373 12 12v24c0 6.627-5.373 12-12 12H364c-6.627 0-12-5.373-12-12zm0 72v-24c0-6.627 5.373-12 12-12h104c6.627 0 12 5.373 12 12v24c0 6.627-5.373 12-12 12H364c-6.627 0-12-5.373-12-12z\"><\/path><\/svg><\/div>\n\t\t\t\t\t\t<\/span>\n\t\t<\/div>\n\t\t\t\t\t\t<\/div>\n\t\t\t\t<\/div>\n\t\t\t\t<\/div>\n\t\t\t\t<section class=\"elementor-section elementor-top-section elementor-element elementor-element-6c13a81f elementor-section-full_width elementor-section-height-default elementor-section-height-default\" data-id=\"6c13a81f\" data-element_type=\"section\">\n\t\t\t\t\t\t<div class=\"elementor-container elementor-column-gap-no\">\n\t\t\t\t\t<div class=\"elementor-column elementor-col-100 elementor-top-column elementor-element elementor-element-6364c82e\" data-id=\"6364c82e\" data-element_type=\"column\">\n\t\t\t<div class=\"elementor-widget-wrap elementor-element-populated\">\n\t\t\t\t\t\t<div class=\"elementor-element elementor-element-29068b4a animate-txt elementor-widget elementor-widget-tmc-postcarousel\" data-id=\"29068b4a\" data-element_type=\"widget\" data-widget_type=\"tmc-postcarousel.default\">\n\t\t\t\t<div class=\"elementor-widget-container\">\n\t\t\t\t\t        <div id=\"tmc-posts-carousel-1025623669\" class=\"tmc-posts-carousel \" data-autoplay=\"true\" data-duration=\"6000\" data-infinite=\"true\" data-adaptive=\"false\" data-nav=\"true\" data-dots=\"false\" data-postcolumns=\"five\" data-rtl=\"false\">\n                                <div class=\"tmc-posts-carousel-item\">\n                    <div class=\"tmc-posts-card tmc-posts-bg-img\">\n                                                                \n                     \n                    <div class=\"tmc-posts-card-img-wrapper \">  \n                        <a class=\"tmc-posts-card-featured-img elementor-animation-\" href=\"https:\/\/sextante.ucatolicaluisamigo.edu.co\/?p=23429\">\n                            <img decoding=\"async\" src=\"https:\/\/sextante.ucatolicaluisamigo.edu.co\/wp-content\/uploads\/2026\/04\/WhatsApp-Image-2026-03-11-at-2.08.04-PM-edited-150x150.jpeg\" alt=\"Regreso regulado: Lo que debes saber para rodar en patineta el\u00e9ctrica\" \/>   \n                        <\/a>    \n                    <\/div>     \n                     \n                        \n                                            <div class=\"tmc-posts-card-body-wrapper justify-content-start align-items-end\" style=\"text-align:center;\">\n                        <div class=\"tmc-posts-card-body-wrapper-inner\">\n                                                    <a class=\"tmc-posts-card-body-url\" href=\"https:\/\/sextante.ucatolicaluisamigo.edu.co\/?p=23429\"><\/a>\n                         \n                        <div class=\"tmc-posts-card-body\">\n                                                        <h5 class=\"tmc-posts-card-title \"><a href=\"https:\/\/sextante.ucatolicaluisamigo.edu.co\/?p=23429\">Regreso regulado: Lo que debes saber para rodar en patineta el\u00e9ctrica<\/a><\/h5>\n                                                            \n                        <\/div>\n                        <div class=\"tmc-posts-card-footer justify-content-start\">\n                                                        <div class=\"tmc-posts-card-date card-footer-block\">\n                                                                                            <\/div>\n                        <\/div>\n                        <\/div>\n                    <\/div>\n                    <\/div> \n                <\/div>\n                                <div class=\"tmc-posts-carousel-item\">\n                    <div class=\"tmc-posts-card tmc-posts-bg-img\">\n                                                                \n                     \n                    <div class=\"tmc-posts-card-img-wrapper \">  \n                        <a class=\"tmc-posts-card-featured-img elementor-animation-\" href=\"https:\/\/sextante.ucatolicaluisamigo.edu.co\/?p=23432\">\n                            <img decoding=\"async\" src=\"https:\/\/sextante.ucatolicaluisamigo.edu.co\/wp-content\/uploads\/2026\/03\/ave-fenix-150x150.jpeg\" alt=\"El ave f\u00e9nix de Colombia: la historia del Gorri\u00f3n Mont\u00e9s Paisa que volvi\u00f3 de la extinci\u00f3n\" \/>   \n                        <\/a>    \n                    <\/div>     \n                     \n                        \n                                            <div class=\"tmc-posts-card-body-wrapper justify-content-start align-items-end\" style=\"text-align:center;\">\n                        <div class=\"tmc-posts-card-body-wrapper-inner\">\n                                                    <a class=\"tmc-posts-card-body-url\" href=\"https:\/\/sextante.ucatolicaluisamigo.edu.co\/?p=23432\"><\/a>\n                         \n                        <div class=\"tmc-posts-card-body\">\n                                                        <h5 class=\"tmc-posts-card-title \"><a href=\"https:\/\/sextante.ucatolicaluisamigo.edu.co\/?p=23432\">El ave f\u00e9nix de Colombia: la historia del Gorri\u00f3n Mont\u00e9s Paisa que volvi\u00f3 de la extinci\u00f3n<\/a><\/h5>\n                                                            \n                        <\/div>\n                        <div class=\"tmc-posts-card-footer justify-content-start\">\n                                                        <div class=\"tmc-posts-card-date card-footer-block\">\n                                                                                            <\/div>\n                        <\/div>\n                        <\/div>\n                    <\/div>\n                    <\/div> \n                <\/div>\n                                <div class=\"tmc-posts-carousel-item\">\n                    <div class=\"tmc-posts-card tmc-posts-bg-img\">\n                                                                \n                     \n                    <div class=\"tmc-posts-card-img-wrapper \">  \n                        <a class=\"tmc-posts-card-featured-img elementor-animation-\" href=\"https:\/\/sextante.ucatolicaluisamigo.edu.co\/?p=23991\">\n                            <img decoding=\"async\" src=\"https:\/\/sextante.ucatolicaluisamigo.edu.co\/wp-content\/uploads\/2026\/03\/ee6877cd-083a-4745-bb56-acf4540c6be2-1-e1774982856388-edited-150x150.jpg\" alt=\"El r\u00edo Saman\u00e1, \u00faltimo afluente libre de Antioquia\" \/>   \n                        <\/a>    \n                    <\/div>     \n                     \n                        \n                                            <div class=\"tmc-posts-card-body-wrapper justify-content-start align-items-end\" style=\"text-align:center;\">\n                        <div class=\"tmc-posts-card-body-wrapper-inner\">\n                                                    <a class=\"tmc-posts-card-body-url\" href=\"https:\/\/sextante.ucatolicaluisamigo.edu.co\/?p=23991\"><\/a>\n                         \n                        <div class=\"tmc-posts-card-body\">\n                                                        <h5 class=\"tmc-posts-card-title \"><a href=\"https:\/\/sextante.ucatolicaluisamigo.edu.co\/?p=23991\">El r\u00edo Saman\u00e1, \u00faltimo afluente libre de Antioquia<\/a><\/h5>\n                                                            \n                        <\/div>\n                        <div class=\"tmc-posts-card-footer justify-content-start\">\n                                                        <div class=\"tmc-posts-card-date card-footer-block\">\n                                                                                            <\/div>\n                        <\/div>\n                        <\/div>\n                    <\/div>\n                    <\/div> \n                <\/div>\n                                <div class=\"tmc-posts-carousel-item\">\n                    <div class=\"tmc-posts-card tmc-posts-bg-img\">\n                                                                \n                     \n                    <div class=\"tmc-posts-card-img-wrapper \">  \n                        <a class=\"tmc-posts-card-featured-img elementor-animation-\" href=\"https:\/\/sextante.ucatolicaluisamigo.edu.co\/?p=23854\">\n                            <img decoding=\"async\" src=\"https:\/\/sextante.ucatolicaluisamigo.edu.co\/wp-content\/uploads\/2026\/03\/Infografia-Timeline-Evolucion-y-Proceso-de-Empresa-Estilo-Moderno-Color-Pizarra-con-Fotos-1.pdf-150x150.png\" alt=\"M\u00e1s de diez a\u00f1os y una misma pregunta: \u00bfrenovaci\u00f3n o continuidad?\u00a0\" \/>   \n                        <\/a>    \n                    <\/div>     \n                     \n                        \n                                            <div class=\"tmc-posts-card-body-wrapper justify-content-start align-items-end\" style=\"text-align:center;\">\n                        <div class=\"tmc-posts-card-body-wrapper-inner\">\n                                                    <a class=\"tmc-posts-card-body-url\" href=\"https:\/\/sextante.ucatolicaluisamigo.edu.co\/?p=23854\"><\/a>\n                         \n                        <div class=\"tmc-posts-card-body\">\n                                                        <h5 class=\"tmc-posts-card-title \"><a href=\"https:\/\/sextante.ucatolicaluisamigo.edu.co\/?p=23854\">M\u00e1s de diez a\u00f1os y una misma pregunta: \u00bfrenovaci\u00f3n o continuidad?\u00a0<\/a><\/h5>\n                                                            \n                        <\/div>\n                        <div class=\"tmc-posts-card-footer justify-content-start\">\n                                                        <div class=\"tmc-posts-card-date card-footer-block\">\n                                                                                            <\/div>\n                        <\/div>\n                        <\/div>\n                    <\/div>\n                    <\/div> \n                <\/div>\n                                <div class=\"tmc-posts-carousel-item\">\n                    <div class=\"tmc-posts-card tmc-posts-bg-img\">\n                                                                \n                     \n                    <div class=\"tmc-posts-card-img-wrapper \">  \n                        <a class=\"tmc-posts-card-featured-img elementor-animation-\" href=\"https:\/\/sextante.ucatolicaluisamigo.edu.co\/?p=23862\">\n                            <img decoding=\"async\" src=\"https:\/\/sextante.ucatolicaluisamigo.edu.co\/wp-content\/uploads\/2026\/03\/benavides-150x150.jpg\" alt=\"Curules afrodescendientes: un paso clave para la inclusi\u00f3n pol\u00edtica en Colombia\" \/>   \n                        <\/a>    \n                    <\/div>     \n                     \n                        \n                                            <div class=\"tmc-posts-card-body-wrapper justify-content-start align-items-end\" style=\"text-align:center;\">\n                        <div class=\"tmc-posts-card-body-wrapper-inner\">\n                                                    <a class=\"tmc-posts-card-body-url\" href=\"https:\/\/sextante.ucatolicaluisamigo.edu.co\/?p=23862\"><\/a>\n                         \n                        <div class=\"tmc-posts-card-body\">\n                                                        <h5 class=\"tmc-posts-card-title \"><a href=\"https:\/\/sextante.ucatolicaluisamigo.edu.co\/?p=23862\">Curules afrodescendientes: un paso clave para la inclusi\u00f3n pol\u00edtica en Colombia<\/a><\/h5>\n                                                            \n                        <\/div>\n                        <div class=\"tmc-posts-card-footer justify-content-start\">\n                                                        <div class=\"tmc-posts-card-date card-footer-block\">\n                                                                                            <\/div>\n                        <\/div>\n                        <\/div>\n                    <\/div>\n                    <\/div> \n                <\/div>\n                                <div class=\"tmc-posts-carousel-item\">\n                    <div class=\"tmc-posts-card tmc-posts-bg-img\">\n                                                                \n                     \n                    <div class=\"tmc-posts-card-img-wrapper \">  \n                        <a class=\"tmc-posts-card-featured-img elementor-animation-\" href=\"https:\/\/sextante.ucatolicaluisamigo.edu.co\/?p=23273\">\n                            <img decoding=\"async\" src=\"https:\/\/sextante.ucatolicaluisamigo.edu.co\/wp-content\/uploads\/2026\/03\/Imagen-articulo-edited-150x150.jpg\" alt=\"M\u00e1s mujeres en las listas, no siempre son m\u00e1s derechos: la representaci\u00f3n femenina en Antioquia de cara al Congreso 2026\" \/>   \n                        <\/a>    \n                    <\/div>     \n                     \n                        \n                                            <div class=\"tmc-posts-card-body-wrapper justify-content-start align-items-end\" style=\"text-align:center;\">\n                        <div class=\"tmc-posts-card-body-wrapper-inner\">\n                                                    <a class=\"tmc-posts-card-body-url\" href=\"https:\/\/sextante.ucatolicaluisamigo.edu.co\/?p=23273\"><\/a>\n                         \n                        <div class=\"tmc-posts-card-body\">\n                                                        <h5 class=\"tmc-posts-card-title \"><a href=\"https:\/\/sextante.ucatolicaluisamigo.edu.co\/?p=23273\">M\u00e1s mujeres en las listas, no siempre son m\u00e1s derechos: la representaci\u00f3n femenina en Antioquia de cara al Congreso 2026<\/a><\/h5>\n                                                            \n                        <\/div>\n                        <div class=\"tmc-posts-card-footer justify-content-start\">\n                                                        <div class=\"tmc-posts-card-date card-footer-block\">\n                                                                                            <\/div>\n                        <\/div>\n                        <\/div>\n                    <\/div>\n                    <\/div> \n                <\/div>\n                                <div class=\"tmc-posts-carousel-item\">\n                    <div class=\"tmc-posts-card tmc-posts-bg-img\">\n                                                                \n                     \n                    <div class=\"tmc-posts-card-img-wrapper \">  \n                        <a class=\"tmc-posts-card-featured-img elementor-animation-\" href=\"https:\/\/sextante.ucatolicaluisamigo.edu.co\/?p=23057\">\n                            <img decoding=\"async\" src=\"https:\/\/sextante.ucatolicaluisamigo.edu.co\/wp-content\/uploads\/2026\/01\/WhatsApp-Image-2026-01-07-at-12.06.39-PM-150x150.jpeg\" alt=\"Coca y cannabis: de plantas estigmatizadas a motores culturales, de salud y de econom\u00eda local\" \/>   \n                        <\/a>    \n                    <\/div>     \n                     \n                        \n                                            <div class=\"tmc-posts-card-body-wrapper justify-content-start align-items-end\" style=\"text-align:center;\">\n                        <div class=\"tmc-posts-card-body-wrapper-inner\">\n                                                    <a class=\"tmc-posts-card-body-url\" href=\"https:\/\/sextante.ucatolicaluisamigo.edu.co\/?p=23057\"><\/a>\n                         \n                        <div class=\"tmc-posts-card-body\">\n                                                        <h5 class=\"tmc-posts-card-title \"><a href=\"https:\/\/sextante.ucatolicaluisamigo.edu.co\/?p=23057\">Coca y cannabis: de plantas estigmatizadas a motores culturales, de salud y de econom\u00eda local<\/a><\/h5>\n                                                            \n                        <\/div>\n                        <div class=\"tmc-posts-card-footer justify-content-start\">\n                                                        <div class=\"tmc-posts-card-date card-footer-block\">\n                                                                                            <\/div>\n                        <\/div>\n                        <\/div>\n                    <\/div>\n                    <\/div> \n                <\/div>\n                        <\/div>\n        <div class=\"tmc-clear\"><\/div>     \n                 <style type=\"text\/css\">\n                        @media screen and (min-width: 1201px) {\n                                #tmc-posts-carousel-1025623669 .tmc-posts-card-cats {\n                    display: block !important;\n                }\n                                                #tmc-posts-carousel-1025623669 .tmc-posts-excerpt {\n                    display: block !important;\n                }\n                                                #tmc-posts-carousel-1025623669 .tmc-posts-card-footer {\n                    display: flex !important;\n                }\n                            }\n            @media only screen and (max-width: 1200px) {\n                                #tmc-posts-carousel-1025623669 .tmc-posts-card-cats {\n                    display: block !important;\n                }\n                                                #tmc-posts-carousel-1025623669 .tmc-posts-excerpt {\n                    display: block !important;\n                }\n                                                #tmc-posts-carousel-1025623669 .tmc-posts-card-footer {\n                    display: flex !important;\n                }\n                            }\n            @media screen and (max-width: 768px) {\n                                #tmc-posts-carousel-1025623669 .tmc-posts-card-cats {\n                    display: block !important;\n                }\n                                                #tmc-posts-carousel-1025623669 .tmc-posts-excerpt {\n                    display: block !important;\n                }\n                                                #tmc-posts-carousel-1025623669 .tmc-posts-card-footer {\n                    display: flex !important;\n                }\n                            }\n        <\/style>\n\t\t\t\t\t<\/div>\n\t\t\t\t<\/div>\n\t\t\t\t\t<\/div>\n\t\t<\/div>\n\t\t\t\t\t<\/div>\n\t\t<\/section>\n\t\t\t\t<section class=\"elementor-section elementor-top-section elementor-element elementor-element-a59b70c elementor-section-boxed elementor-section-height-default elementor-section-height-default\" data-id=\"a59b70c\" data-element_type=\"section\">\n\t\t\t\t\t\t<div class=\"elementor-container elementor-column-gap-no\">\n\t\t\t\t\t<div class=\"elementor-column elementor-col-50 elementor-top-column elementor-element elementor-element-ff50797\" data-id=\"ff50797\" data-element_type=\"column\">\n\t\t\t<div class=\"elementor-widget-wrap elementor-element-populated\">\n\t\t\t\t\t\t<div class=\"elementor-element elementor-element-4bda7d8 elementor-widget elementor-widget-heading\" data-id=\"4bda7d8\" data-element_type=\"widget\" data-widget_type=\"heading.default\">\n\t\t\t\t<div class=\"elementor-widget-container\">\n\t\t\t\t\t<h2 class=\"elementor-heading-title elementor-size-default\">\u00daLTIMAS PUBLICACIONES<br><br><\/h2>\t\t\t\t<\/div>\n\t\t\t\t<\/div>\n\t\t\t\t<div class=\"elementor-element elementor-element-f4c2a9f elementor-widget__width-initial elementor-widget elementor-widget-tmc-postmasonry\" data-id=\"f4c2a9f\" data-element_type=\"widget\" data-widget_type=\"tmc-postmasonry.default\">\n\t\t\t\t<div class=\"elementor-widget-container\">\n\t\t\t\t\t        <div id=\"tmc-posts-201163232\" class=\"tmc-masonry-grid\">\n            <div class=\"tmc-one-column\" data-columns>\n                                <div class=\"tmc-posts-masonry-item\">\n                    <div class=\"tmc-posts-card tmc-posts-horizontal\">\n                                                                \n                     \n                    <div class=\"tmc-posts-card-img-wrapper overflowhidden\" style=\"background-image:url('https:\/\/sextante.ucatolicaluisamigo.edu.co\/wp-content\/uploads\/2026\/03\/Imagen-destacada-900x600.jpg');\">  \n                        <a class=\"tmc-posts-card-featured-img elementor-animation-pop\" href=\"https:\/\/sextante.ucatolicaluisamigo.edu.co\/?p=23773\"><\/a>    \n                    <\/div>    \n                        \n                         \n                                            <div class=\"tmc-posts-card-body-wrapper justify-content-start align-items-start\" style=\"text-align:left;\">\n                        <div class=\"tmc-posts-card-body-wrapper-inner\">\n                            \n                        <div class=\"tmc-posts-card-body\">\n                                                        <h6 class=\"tmc-posts-card-title \"><a href=\"https:\/\/sextante.ucatolicaluisamigo.edu.co\/?p=23773\">El MAMM abre una biblioteca con medio siglo de memoria art\u00edstica<\/a><\/h6>\n                            <p class=\"tmc-posts-excerpt\">El MAMM abre una biblioteca con medio siglo de memoria art\u00edstica La Biblioteca del Museo de Arte Moderno de Medell\u00edn (MAMM) abri\u00f3 sus  ...<\/p>                                \n                        <\/div>\n                        <div class=\"tmc-posts-card-footer justify-content-start\">\n                                                        <div class=\"tmc-posts-card-date card-footer-inline\">\n                                                                                                <a class=\"tmc-posts-card-date-link\" href=\"https:\/\/sextante.ucatolicaluisamigo.edu.co\/?p=23773\">\n                                    23 abril, 2026                                <\/a>\n                                                            <\/div>\n                        <\/div>\n                        <\/div>\n                        <\/div>\n                    <\/div> \n                <\/div>\n                                <div class=\"tmc-posts-masonry-item\">\n                    <div class=\"tmc-posts-card tmc-posts-horizontal\">\n                                                                \n                     \n                    <div class=\"tmc-posts-card-img-wrapper overflowhidden\" style=\"background-image:url('https:\/\/sextante.ucatolicaluisamigo.edu.co\/wp-content\/uploads\/2026\/04\/WhatsApp-Image-2026-03-11-at-2.08.04-PM-edited-900x600.jpeg');\">  \n                        <a class=\"tmc-posts-card-featured-img elementor-animation-pop\" href=\"https:\/\/sextante.ucatolicaluisamigo.edu.co\/?p=23429\"><\/a>    \n                    <\/div>    \n                        \n                         \n                                            <div class=\"tmc-posts-card-body-wrapper justify-content-start align-items-start\" style=\"text-align:left;\">\n                        <div class=\"tmc-posts-card-body-wrapper-inner\">\n                            \n                        <div class=\"tmc-posts-card-body\">\n                                                        <h6 class=\"tmc-posts-card-title \"><a href=\"https:\/\/sextante.ucatolicaluisamigo.edu.co\/?p=23429\">Regreso regulado: Lo que debes saber para rodar en patineta el\u00e9ctrica<\/a><\/h6>\n                            <p class=\"tmc-posts-excerpt\">Regreso regulado: Lo que debes saber para rodar en patineta el\u00e9ctrica La consolidaci\u00f3n de los veh\u00edculos el\u00e9ctricos en Colombia ha obligado a  ...<\/p>                                \n                        <\/div>\n                        <div class=\"tmc-posts-card-footer justify-content-start\">\n                                                        <div class=\"tmc-posts-card-date card-footer-inline\">\n                                                                                                <a class=\"tmc-posts-card-date-link\" href=\"https:\/\/sextante.ucatolicaluisamigo.edu.co\/?p=23429\">\n                                    14 abril, 2026                                <\/a>\n                                                            <\/div>\n                        <\/div>\n                        <\/div>\n                        <\/div>\n                    <\/div> \n                <\/div>\n                                <div class=\"tmc-posts-masonry-item\">\n                    <div class=\"tmc-posts-card tmc-posts-horizontal\">\n                                                                \n                     \n                    <div class=\"tmc-posts-card-img-wrapper overflowhidden\" style=\"background-image:url('https:\/\/sextante.ucatolicaluisamigo.edu.co\/wp-content\/uploads\/2026\/03\/ave-fenix-900x600.jpeg');\">  \n                        <a class=\"tmc-posts-card-featured-img elementor-animation-pop\" href=\"https:\/\/sextante.ucatolicaluisamigo.edu.co\/?p=23432\"><\/a>    \n                    <\/div>    \n                        \n                         \n                                            <div class=\"tmc-posts-card-body-wrapper justify-content-start align-items-start\" style=\"text-align:left;\">\n                        <div class=\"tmc-posts-card-body-wrapper-inner\">\n                            \n                        <div class=\"tmc-posts-card-body\">\n                                                        <h6 class=\"tmc-posts-card-title \"><a href=\"https:\/\/sextante.ucatolicaluisamigo.edu.co\/?p=23432\">El ave f\u00e9nix de Colombia: la historia del Gorri\u00f3n Mont\u00e9s Paisa que volvi\u00f3 de la extinci\u00f3n<\/a><\/h6>\n                            <p class=\"tmc-posts-excerpt\">El ave f\u00e9nix de Colombia: la historia del Gorri\u00f3n Mont\u00e9s Paisa que volvi\u00f3 de la extinci\u00f3n El Atlapetes blancae, m\u00e1s conocido como  ...<\/p>                                \n                        <\/div>\n                        <div class=\"tmc-posts-card-footer justify-content-start\">\n                                                        <div class=\"tmc-posts-card-date card-footer-inline\">\n                                                                                                <a class=\"tmc-posts-card-date-link\" href=\"https:\/\/sextante.ucatolicaluisamigo.edu.co\/?p=23432\">\n                                    14 abril, 2026                                <\/a>\n                                                            <\/div>\n                        <\/div>\n                        <\/div>\n                        <\/div>\n                    <\/div> \n                <\/div>\n                                <div class=\"tmc-posts-masonry-item\">\n                    <div class=\"tmc-posts-card tmc-posts-horizontal\">\n                                                                \n                     \n                    <div class=\"tmc-posts-card-img-wrapper overflowhidden\" style=\"background-image:url('https:\/\/sextante.ucatolicaluisamigo.edu.co\/wp-content\/uploads\/2026\/03\/ee6877cd-083a-4745-bb56-acf4540c6be2-1-e1774982856388-edited-900x600.jpg');\">  \n                        <a class=\"tmc-posts-card-featured-img elementor-animation-pop\" href=\"https:\/\/sextante.ucatolicaluisamigo.edu.co\/?p=23991\"><\/a>    \n                    <\/div>    \n                        \n                         \n                                            <div class=\"tmc-posts-card-body-wrapper justify-content-start align-items-start\" style=\"text-align:left;\">\n                        <div class=\"tmc-posts-card-body-wrapper-inner\">\n                            \n                        <div class=\"tmc-posts-card-body\">\n                                                        <h6 class=\"tmc-posts-card-title \"><a href=\"https:\/\/sextante.ucatolicaluisamigo.edu.co\/?p=23991\">El r\u00edo Saman\u00e1, \u00faltimo afluente libre de Antioquia<\/a><\/h6>\n                            <p class=\"tmc-posts-excerpt\">Por: Yorladis Beltr\u00e1n Jim\u00e9nez El r\u00edo Saman\u00e1, \u00faltimo afluente libre de Antioquia, donde a\u00fan migran especies como el bocachico. Entre el 21 al  ...<\/p>                                \n                        <\/div>\n                        <div class=\"tmc-posts-card-footer justify-content-start\">\n                                                        <div class=\"tmc-posts-card-date card-footer-inline\">\n                                                                                                <a class=\"tmc-posts-card-date-link\" href=\"https:\/\/sextante.ucatolicaluisamigo.edu.co\/?p=23991\">\n                                    14 abril, 2026                                <\/a>\n                                                            <\/div>\n                        <\/div>\n                        <\/div>\n                        <\/div>\n                    <\/div> \n                <\/div>\n                                <div class=\"tmc-posts-masonry-item\">\n                    <div class=\"tmc-posts-card tmc-posts-horizontal\">\n                                            <div class=\"tmc-posts-card-body-wrapper justify-content-start align-items-start\" style=\"text-align:left;\">\n                        <div class=\"tmc-posts-card-body-wrapper-inner\">\n                            \n                        <div class=\"tmc-posts-card-body\">\n                                                        <h6 class=\"tmc-posts-card-title \"><a href=\"https:\/\/sextante.ucatolicaluisamigo.edu.co\/?p=23989\">\u00daltimas encuestas presidenciales en Colombia: Cepeda se mantiene estable,\u00a0Abelardo registra ca\u00edda y Paloma muestra crecimiento en intenci\u00f3n de voto<\/a><\/h6>\n                            <p class=\"tmc-posts-excerpt\">Abelardo registra ca\u00edda y Paloma muestra crecimiento en intenci\u00f3n de voto 26 de marzo de 2026 Por: Valerieth Su\u00e1rez Carrascal, Yhon Anderson  ...<\/p>                                \n                        <\/div>\n                        <div class=\"tmc-posts-card-footer justify-content-start\">\n                                                        <div class=\"tmc-posts-card-date card-footer-inline\">\n                                                                                                <a class=\"tmc-posts-card-date-link\" href=\"https:\/\/sextante.ucatolicaluisamigo.edu.co\/?p=23989\">\n                                    4 abril, 2026                                <\/a>\n                                                            <\/div>\n                        <\/div>\n                        <\/div>\n                        <\/div>\n                    <\/div> \n                <\/div>\n                                <div class=\"tmc-posts-masonry-item\">\n                    <div class=\"tmc-posts-card tmc-posts-horizontal\">\n                                                                \n                     \n                    <div class=\"tmc-posts-card-img-wrapper overflowhidden\" style=\"background-image:url('https:\/\/sextante.ucatolicaluisamigo.edu.co\/wp-content\/uploads\/2026\/03\/Copia-de-Copia-de-ESPECIALES-SEXTANTE-900x600.png');\">  \n                        <a class=\"tmc-posts-card-featured-img elementor-animation-pop\" href=\"https:\/\/sextante.ucatolicaluisamigo.edu.co\/?p=23850\"><\/a>    \n                    <\/div>    \n                        \n                         \n                                            <div class=\"tmc-posts-card-body-wrapper justify-content-start align-items-start\" style=\"text-align:left;\">\n                        <div class=\"tmc-posts-card-body-wrapper-inner\">\n                            \n                        <div class=\"tmc-posts-card-body\">\n                                                        <h6 class=\"tmc-posts-card-title \"><a href=\"https:\/\/sextante.ucatolicaluisamigo.edu.co\/?p=23850\">Las Curules de Paz: irregularidades, candidatos y antecedentes<\/a><\/h6>\n                            <p class=\"tmc-posts-excerpt\">Las Curules de Paz: irregularidades, candidatos y antecedentes De las 16 curules para las v\u00edctimas, solo 14 de ellas fueron confirmadas por  ...<\/p>                                \n                        <\/div>\n                        <div class=\"tmc-posts-card-footer justify-content-start\">\n                                                        <div class=\"tmc-posts-card-date card-footer-inline\">\n                                                                                                <a class=\"tmc-posts-card-date-link\" href=\"https:\/\/sextante.ucatolicaluisamigo.edu.co\/?p=23850\">\n                                    26 marzo, 2026                                <\/a>\n                                                            <\/div>\n                        <\/div>\n                        <\/div>\n                        <\/div>\n                    <\/div> \n                <\/div>\n                                <div class=\"tmc-posts-masonry-item\">\n                    <div class=\"tmc-posts-card tmc-posts-horizontal\">\n                                                                \n                     \n                    <div class=\"tmc-posts-card-img-wrapper overflowhidden\" style=\"background-image:url('https:\/\/sextante.ucatolicaluisamigo.edu.co\/wp-content\/uploads\/2026\/03\/image-25.png');\">  \n                        <a class=\"tmc-posts-card-featured-img elementor-animation-pop\" href=\"https:\/\/sextante.ucatolicaluisamigo.edu.co\/?p=23919\"><\/a>    \n                    <\/div>    \n                        \n                         \n                                            <div class=\"tmc-posts-card-body-wrapper justify-content-start align-items-start\" style=\"text-align:left;\">\n                        <div class=\"tmc-posts-card-body-wrapper-inner\">\n                            \n                        <div class=\"tmc-posts-card-body\">\n                                                        <h6 class=\"tmc-posts-card-title \"><a href=\"https:\/\/sextante.ucatolicaluisamigo.edu.co\/?p=23919\">Reposici\u00f3n de votos: financiaci\u00f3n electoral en Colombia hoy<\/a><\/h6>\n                            <p class=\"tmc-posts-excerpt\">Tras elecciones 2026, revive el debate por reposici\u00f3n de votos en el pa\u00eds. 26 de marzo de 2026 Por: Lorel Pineda, Sof\u00eda Garc\u00eda, Ana Pineda y  ...<\/p>                                \n                        <\/div>\n                        <div class=\"tmc-posts-card-footer justify-content-start\">\n                                                        <div class=\"tmc-posts-card-date card-footer-inline\">\n                                                                                                <a class=\"tmc-posts-card-date-link\" href=\"https:\/\/sextante.ucatolicaluisamigo.edu.co\/?p=23919\">\n                                    26 marzo, 2026                                <\/a>\n                                                            <\/div>\n                        <\/div>\n                        <\/div>\n                        <\/div>\n                    <\/div> \n                <\/div>\n                                <div class=\"tmc-posts-masonry-item\">\n                    <div class=\"tmc-posts-card tmc-posts-horizontal\">\n                                                                \n                     \n                    <div class=\"tmc-posts-card-img-wrapper overflowhidden\" style=\"background-image:url('https:\/\/sextante.ucatolicaluisamigo.edu.co\/wp-content\/uploads\/2026\/03\/image-20-900x600.png');\">  \n                        <a class=\"tmc-posts-card-featured-img elementor-animation-pop\" href=\"https:\/\/sextante.ucatolicaluisamigo.edu.co\/?p=23608\"><\/a>    \n                    <\/div>    \n                        \n                         \n                                            <div class=\"tmc-posts-card-body-wrapper justify-content-start align-items-start\" style=\"text-align:left;\">\n                        <div class=\"tmc-posts-card-body-wrapper-inner\">\n                            \n                        <div class=\"tmc-posts-card-body\">\n                                                        <h6 class=\"tmc-posts-card-title \"><a href=\"https:\/\/sextante.ucatolicaluisamigo.edu.co\/?p=23608\">Colombia ante un posible hito pol\u00edtico: \u00bfllegar\u00e1 la primera mujer a la presidencia?<\/a><\/h6>\n                            <p class=\"tmc-posts-excerpt\">Colombia ante un posible hito pol\u00edtico: \u00bfllegar\u00e1 la primera mujer a la presidencia? Colombia podr\u00eda estar ante un momento hist\u00f3rico, elegir  ...<\/p>                                \n                        <\/div>\n                        <div class=\"tmc-posts-card-footer justify-content-start\">\n                                                        <div class=\"tmc-posts-card-date card-footer-inline\">\n                                                                                                <a class=\"tmc-posts-card-date-link\" href=\"https:\/\/sextante.ucatolicaluisamigo.edu.co\/?p=23608\">\n                                    26 marzo, 2026                                <\/a>\n                                                            <\/div>\n                        <\/div>\n                        <\/div>\n                        <\/div>\n                    <\/div> \n                <\/div>\n                            <\/div>\n        <\/div>\n        <div class=\"tmc-clear\"><\/div>\n              \n                <style type=\"text\/css\">\n                        @media screen and (min-width: 1201px) {\n                                #tmc-posts-201163232 .tmc-posts-card-cats {\n                    display: block !important;\n                }\n                                                #tmc-posts-201163232 .tmc-posts-excerpt {\n                    display: none !important;\n                }\n                                                #tmc-posts-201163232 .tmc-posts-card-footer {\n                    display: flex !important;\n                }\n                            }\n            @media only screen and (max-width: 1200px) {\n                                #tmc-posts-201163232 .tmc-posts-card-cats {\n                    display: block !important;\n                }\n                                                #tmc-posts-201163232 .tmc-posts-excerpt {\n                    display: none !important;\n                }\n                                                #tmc-posts-201163232 .tmc-posts-card-footer {\n                    display: flex !important;\n                }\n                            }\n            @media screen and (max-width: 768px) {\n                                #tmc-posts-201163232 .tmc-posts-card-cats {\n                    display: block !important;\n                }\n                                                #tmc-posts-201163232 .tmc-posts-excerpt {\n                    display: none !important;\n                }\n                                                #tmc-posts-201163232 .tmc-posts-card-footer {\n                    display: flex !important;\n                }\n                            }\n        <\/style>\n\t\t\t\t\t<\/div>\n\t\t\t\t<\/div>\n\t\t\t\t\t<\/div>\n\t\t<\/div>\n\t\t\t\t<div class=\"elementor-column elementor-col-50 elementor-top-column elementor-element elementor-element-85a076b\" data-id=\"85a076b\" data-element_type=\"column\">\n\t\t\t<div class=\"elementor-widget-wrap elementor-element-populated\">\n\t\t\t\t\t\t<div class=\"elementor-element elementor-element-858a5ac elementor-widget__width-initial elementor-widget elementor-widget-magine-heading\" data-id=\"858a5ac\" data-element_type=\"widget\" data-widget_type=\"magine-heading.default\">\n\t\t\t\t<div class=\"elementor-widget-container\">\n\t\t\t\t\t<h5 class=\"title-with-border\"><span>SEXTANTE RADIO<\/span><\/h5>\t\t\t\t<\/div>\n\t\t\t\t<\/div>\n\t\t\t\t<div class=\"elementor-element elementor-element-850394e elementor-widget__width-initial elementor-widget elementor-widget-tmc-postlist\" data-id=\"850394e\" data-element_type=\"widget\" data-widget_type=\"tmc-postlist.default\">\n\t\t\t\t<div class=\"elementor-widget-container\">\n\t\t\t\t\t                <div class=\"tmc-posts-list-wrapper align-items-start \" style=\"text-align:left;\">\n                                    <div class=\"tmc-posts-list-left\">  \n                <a class=\"tmc-posts-list-img elementor-animation-push\" href=\"https:\/\/sextante.ucatolicaluisamigo.edu.co\/?p=22913\">\n                    <img decoding=\"async\" src=\"https:\/\/sextante.ucatolicaluisamigo.edu.co\/wp-content\/uploads\/2025\/09\/Diseno-sin-titulo-5-150x150.jpg\" alt=\"Especial: Ser habitante de calle, m\u00e1s all\u00e1 del estigma\" \/>   \n                <\/a>    \n            <\/div>    \n                        <div class=\"tmc-posts-list-right\">\n                <a class=\"tmc-posts-list-title\" href=\"https:\/\/sextante.ucatolicaluisamigo.edu.co\/?p=22913\">Especial: Ser habitante de calle, m\u00e1s all\u00e1 del estigma<\/a>\n                <div class=\"tmc-posts-list-date\">\n                                                            <a class=\"tmc-posts-list-date-link\" href=\"https:\/\/sextante.ucatolicaluisamigo.edu.co\/?p=22913\">\n                        14 noviembre, 2025                    <\/a>\n                                    <\/div>\n            <\/div>\n        <\/div>\n                <div class=\"tmc-posts-list-wrapper align-items-start \" style=\"text-align:left;\">\n                                    <div class=\"tmc-posts-list-left\">  \n                <a class=\"tmc-posts-list-img elementor-animation-push\" href=\"https:\/\/sextante.ucatolicaluisamigo.edu.co\/?p=22911\">\n                    <img decoding=\"async\" src=\"https:\/\/sextante.ucatolicaluisamigo.edu.co\/wp-content\/uploads\/2025\/09\/Diseno-sin-titulo-5-150x150.jpg\" alt=\"Especial: 222 a\u00f1os de la Universidad de Antioquia, un legado en riesgo\" \/>   \n                <\/a>    \n            <\/div>    \n                        <div class=\"tmc-posts-list-right\">\n                <a class=\"tmc-posts-list-title\" href=\"https:\/\/sextante.ucatolicaluisamigo.edu.co\/?p=22911\">Especial: 222 a\u00f1os de la Universidad de Antioquia, un legado en riesgo<\/a>\n                <div class=\"tmc-posts-list-date\">\n                                                            <a class=\"tmc-posts-list-date-link\" href=\"https:\/\/sextante.ucatolicaluisamigo.edu.co\/?p=22911\">\n                        13 noviembre, 2025                    <\/a>\n                                    <\/div>\n            <\/div>\n        <\/div>\n                <div class=\"tmc-posts-list-wrapper align-items-start \" style=\"text-align:left;\">\n                                    <div class=\"tmc-posts-list-left\">  \n                <a class=\"tmc-posts-list-img elementor-animation-push\" href=\"https:\/\/sextante.ucatolicaluisamigo.edu.co\/?p=22909\">\n                    <img decoding=\"async\" src=\"https:\/\/sextante.ucatolicaluisamigo.edu.co\/wp-content\/uploads\/2025\/09\/Diseno-sin-titulo-5-150x150.jpg\" alt=\"Especial: Crisis del agua en el sector de Araucarias en Bello, un problema a\u00fan por resolver\" \/>   \n                <\/a>    \n            <\/div>    \n                        <div class=\"tmc-posts-list-right\">\n                <a class=\"tmc-posts-list-title\" href=\"https:\/\/sextante.ucatolicaluisamigo.edu.co\/?p=22909\">Especial: Crisis del agua en el sector de Araucarias en Bello, un problema a\u00fan por resolver<\/a>\n                <div class=\"tmc-posts-list-date\">\n                                                            <a class=\"tmc-posts-list-date-link\" href=\"https:\/\/sextante.ucatolicaluisamigo.edu.co\/?p=22909\">\n                        12 noviembre, 2025                    <\/a>\n                                    <\/div>\n            <\/div>\n        <\/div>\n                <div class=\"tmc-clear\"><\/div>   \n        \t\t\t\t\t<\/div>\n\t\t\t\t<\/div>\n\t\t\t\t<div class=\"elementor-element elementor-element-c452220 elementor-widget elementor-widget-magine-heading\" data-id=\"c452220\" data-element_type=\"widget\" data-widget_type=\"magine-heading.default\">\n\t\t\t\t<div class=\"elementor-widget-container\">\n\t\t\t\t\t<h5 class=\"title-with-border\"><span>Categor\u00edas <\/span><\/h5>\t\t\t\t<\/div>\n\t\t\t\t<\/div>\n\t\t\t\t<div class=\"elementor-element elementor-element-469d16b elementor-widget elementor-widget-magine-list\" data-id=\"469d16b\" data-element_type=\"widget\" data-widget_type=\"magine-list.default\">\n\t\t\t\t<div class=\"elementor-widget-container\">\n\t\t\t\t\t<ul class=\"magine-cat-widget\"><li style=\"background-image:url()\"><a href=\"https:\/\/sextante.ucatolicaluisamigo.edu.co\/?cat=1431\"><span class=\"magine-cat-span1\">Cine<\/span><span class=\"magine-cat-span2 badge\">17<\/span><\/a><\/li><li style=\"background-image:url()\"><a href=\"https:\/\/sextante.ucatolicaluisamigo.edu.co\/?cat=1369\"><span class=\"magine-cat-span1\">Ciudad<\/span><span class=\"magine-cat-span2 badge\">98<\/span><\/a><\/li><li style=\"background-image:url()\"><a href=\"https:\/\/sextante.ucatolicaluisamigo.edu.co\/?cat=1370\"><span class=\"magine-cat-span1\">Conflicto y DD.HH.<\/span><span class=\"magine-cat-span2 badge\">13<\/span><\/a><\/li><li style=\"background-image:url()\"><a href=\"https:\/\/sextante.ucatolicaluisamigo.edu.co\/?cat=1367\"><span class=\"magine-cat-span1\">Cr\u00f3nicas<\/span><span class=\"magine-cat-span2 badge\">10<\/span><\/a><\/li><li style=\"background-image:url()\"><a href=\"https:\/\/sextante.ucatolicaluisamigo.edu.co\/?cat=751\"><span class=\"magine-cat-span1\">Cultura<\/span><span class=\"magine-cat-span2 badge\">123<\/span><\/a><\/li><li style=\"background-image:url()\"><a href=\"https:\/\/sextante.ucatolicaluisamigo.edu.co\/?cat=1364\"><span class=\"magine-cat-span1\">Deporte<\/span><span class=\"magine-cat-span2 badge\">7<\/span><\/a><\/li><li style=\"background-image:url()\"><a href=\"https:\/\/sextante.ucatolicaluisamigo.edu.co\/?cat=1392\"><span class=\"magine-cat-span1\">Desde el aula<\/span><span class=\"magine-cat-span2 badge\">39<\/span><\/a><\/li><li style=\"background-image:url()\"><a href=\"https:\/\/sextante.ucatolicaluisamigo.edu.co\/?cat=1374\"><span class=\"magine-cat-span1\">Diversidades<\/span><span class=\"magine-cat-span2 badge\">15<\/span><\/a><\/li>\t\t\t\t<\/div>\n\t\t\t\t<\/div>\n\t\t\t\t<div class=\"elementor-element elementor-element-6a7aee6 elementor-widget elementor-widget-magine-heading\" data-id=\"6a7aee6\" data-element_type=\"widget\" data-widget_type=\"magine-heading.default\">\n\t\t\t\t<div class=\"elementor-widget-container\">\n\t\t\t\t\t<h5 class=\"title-with-border\"><span>SEXTANTE MEDIOS<\/span><\/h5>\t\t\t\t<\/div>\n\t\t\t\t<\/div>\n\t\t\t\t<div class=\"elementor-element elementor-element-a5222f4 elementor-widget elementor-widget-tmc-postlist\" data-id=\"a5222f4\" data-element_type=\"widget\" data-widget_type=\"tmc-postlist.default\">\n\t\t\t\t<div class=\"elementor-widget-container\">\n\t\t\t\t\t                <div class=\"tmc-posts-list-wrapper align-items-center \" style=\"text-align:left;\">\n                                    <div class=\"tmc-posts-list-left\">  \n                <a class=\"tmc-posts-list-img elementor-animation-\" href=\"https:\/\/sextante.ucatolicaluisamigo.edu.co\/?p=23850\">\n                    <img decoding=\"async\" src=\"https:\/\/sextante.ucatolicaluisamigo.edu.co\/wp-content\/uploads\/2026\/03\/Copia-de-Copia-de-ESPECIALES-SEXTANTE-150x150.png\" alt=\"Las Curules de Paz: irregularidades, candidatos y antecedentes\" \/>   \n                <\/a>    \n            <\/div>    \n                        <div class=\"tmc-posts-list-right\">\n                <a class=\"tmc-posts-list-title\" href=\"https:\/\/sextante.ucatolicaluisamigo.edu.co\/?p=23850\">Las Curules de Paz: irregularidades, candidatos y antecedentes<\/a>\n                <div class=\"tmc-posts-list-date\">\n                                                            <a class=\"tmc-posts-list-date-link\" href=\"https:\/\/sextante.ucatolicaluisamigo.edu.co\/?p=23850\">\n                        26 marzo, 2026                    <\/a>\n                                    <\/div>\n            <\/div>\n        <\/div>\n                <div class=\"tmc-posts-list-wrapper align-items-center \" style=\"text-align:left;\">\n                        <div class=\"tmc-posts-list-right\">\n                <a class=\"tmc-posts-list-title\" href=\"https:\/\/sextante.ucatolicaluisamigo.edu.co\/?p=23863\">Elecciones legislativas 2026: ganadores y perdedores en la renovaci\u00f3n del Congreso de la Rep\u00fablica<\/a>\n                <div class=\"tmc-posts-list-date\">\n                                                            <a class=\"tmc-posts-list-date-link\" href=\"https:\/\/sextante.ucatolicaluisamigo.edu.co\/?p=23863\">\n                        21 marzo, 2026                    <\/a>\n                                    <\/div>\n            <\/div>\n        <\/div>\n                <div class=\"tmc-posts-list-wrapper align-items-center \" style=\"text-align:left;\">\n                                    <div class=\"tmc-posts-list-left\">  \n                <a class=\"tmc-posts-list-img elementor-animation-\" href=\"https:\/\/sextante.ucatolicaluisamigo.edu.co\/?p=23854\">\n                    <img decoding=\"async\" src=\"https:\/\/sextante.ucatolicaluisamigo.edu.co\/wp-content\/uploads\/2026\/03\/Infografia-Timeline-Evolucion-y-Proceso-de-Empresa-Estilo-Moderno-Color-Pizarra-con-Fotos-1.pdf-150x150.png\" alt=\"M\u00e1s de diez a\u00f1os y una misma pregunta: \u00bfrenovaci\u00f3n o continuidad?\u00a0\" \/>   \n                <\/a>    \n            <\/div>    \n                        <div class=\"tmc-posts-list-right\">\n                <a class=\"tmc-posts-list-title\" href=\"https:\/\/sextante.ucatolicaluisamigo.edu.co\/?p=23854\">M\u00e1s de diez a\u00f1os y una misma pregunta: \u00bfrenovaci\u00f3n o continuidad?\u00a0<\/a>\n                <div class=\"tmc-posts-list-date\">\n                                                            <a class=\"tmc-posts-list-date-link\" href=\"https:\/\/sextante.ucatolicaluisamigo.edu.co\/?p=23854\">\n                        21 marzo, 2026                    <\/a>\n                                    <\/div>\n            <\/div>\n        <\/div>\n                <div class=\"tmc-posts-list-wrapper align-items-center \" style=\"text-align:left;\">\n                                    <div class=\"tmc-posts-list-left\">  \n                <a class=\"tmc-posts-list-img elementor-animation-\" href=\"https:\/\/sextante.ucatolicaluisamigo.edu.co\/?p=23057\">\n                    <img decoding=\"async\" src=\"https:\/\/sextante.ucatolicaluisamigo.edu.co\/wp-content\/uploads\/2026\/01\/WhatsApp-Image-2026-01-07-at-12.06.39-PM-150x150.jpeg\" alt=\"Coca y cannabis: de plantas estigmatizadas a motores culturales, de salud y de econom\u00eda local\" \/>   \n                <\/a>    \n            <\/div>    \n                        <div class=\"tmc-posts-list-right\">\n                <a class=\"tmc-posts-list-title\" href=\"https:\/\/sextante.ucatolicaluisamigo.edu.co\/?p=23057\">Coca y cannabis: de plantas estigmatizadas a motores culturales, de salud y de econom\u00eda local<\/a>\n                <div class=\"tmc-posts-list-date\">\n                                                            <a class=\"tmc-posts-list-date-link\" href=\"https:\/\/sextante.ucatolicaluisamigo.edu.co\/?p=23057\">\n                        13 enero, 2026                    <\/a>\n                                    <\/div>\n            <\/div>\n        <\/div>\n                <div class=\"tmc-clear\"><\/div>   \n        \t\t\t\t\t<\/div>\n\t\t\t\t<\/div>\n\t\t\t\t\t<\/div>\n\t\t<\/div>\n\t\t\t\t\t<\/div>\n\t\t<\/section>\n\t\t\t\t<\/div>\n\t\t","protected":false},"excerpt":{"rendered":"<p>Tensiones y desaf\u00edos: el Gobierno Petro y la degradaci\u00f3n del periodismo cr\u00edtico en Colombia Desobediencia en las v\u00edas: la creciente problem\u00e1tica por invasi\u00f3n de carriles del Metropl\u00fas El auge del caf\u00e9: c\u00f3mo el mundo redescubre su sabor Equidad en la donaci\u00f3n de sangre: la voz de la comunidad LGTBIQ+ Vapeo: luces y sombras de una&#8230;<\/p>\n","protected":false},"author":2,"featured_media":0,"parent":0,"menu_order":0,"comment_status":"closed","ping_status":"closed","template":"elementor_theme","meta":{"footnotes":""},"class_list":["post-59","page","type-page","status-publish","hentry"],"yoast_head":"<!-- This site is optimized with the Yoast SEO plugin v26.4 - https:\/\/yoast.com\/wordpress\/plugins\/seo\/ -->\n<title>Inicio - Sextante Digital<\/title>\n<meta name=\"robots\" content=\"index, follow, max-snippet:-1, max-image-preview:large, max-video-preview:-1\" \/>\n<link rel=\"canonical\" href=\"https:\/\/sextante.ucatolicaluisamigo.edu.co\/\" \/>\n<meta property=\"og:locale\" content=\"es_ES\" \/>\n<meta property=\"og:type\" content=\"article\" \/>\n<meta property=\"og:title\" content=\"Inicio - Sextante Digital\" \/>\n<meta property=\"og:description\" content=\"Tensiones y desaf\u00edos: el Gobierno Petro y la degradaci\u00f3n del periodismo cr\u00edtico en Colombia Desobediencia en las v\u00edas: la creciente problem\u00e1tica por invasi\u00f3n de carriles del Metropl\u00fas El auge del caf\u00e9: c\u00f3mo el mundo redescubre su sabor Equidad en la donaci\u00f3n de sangre: la voz de la comunidad LGTBIQ+ Vapeo: luces y sombras de una...\" \/>\n<meta property=\"og:url\" content=\"https:\/\/sextante.ucatolicaluisamigo.edu.co\/\" \/>\n<meta property=\"og:site_name\" content=\"Sextante Digital\" \/>\n<meta property=\"article:modified_time\" content=\"2025-05-05T14:19:41+00:00\" \/>\n<meta property=\"og:image\" content=\"https:\/\/sextante.ucatolicaluisamigo.edu.co\/wp-content\/uploads\/2024\/10\/Petro-150x150.png\" \/>\n<meta name=\"twitter:card\" content=\"summary_large_image\" \/>\n<meta name=\"twitter:label1\" content=\"Tiempo de lectura\" \/>\n\t<meta name=\"twitter:data1\" content=\"2 minutos\" \/>\n<script type=\"application\/ld+json\" class=\"yoast-schema-graph\">{\"@context\":\"https:\/\/schema.org\",\"@graph\":[{\"@type\":\"WebPage\",\"@id\":\"https:\/\/sextante.ucatolicaluisamigo.edu.co\/\",\"url\":\"https:\/\/sextante.ucatolicaluisamigo.edu.co\/\",\"name\":\"Inicio - Sextante Digital\",\"isPartOf\":{\"@id\":\"https:\/\/sextante.ucatolicaluisamigo.edu.co\/#website\"},\"primaryImageOfPage\":{\"@id\":\"https:\/\/sextante.ucatolicaluisamigo.edu.co\/#primaryimage\"},\"image\":{\"@id\":\"https:\/\/sextante.ucatolicaluisamigo.edu.co\/#primaryimage\"},\"thumbnailUrl\":\"https:\/\/sextante.ucatolicaluisamigo.edu.co\/wp-content\/uploads\/2024\/10\/Petro-150x150.png\",\"datePublished\":\"2019-11-03T04:44:36+00:00\",\"dateModified\":\"2025-05-05T14:19:41+00:00\",\"breadcrumb\":{\"@id\":\"https:\/\/sextante.ucatolicaluisamigo.edu.co\/#breadcrumb\"},\"inLanguage\":\"es-CO\",\"potentialAction\":[{\"@type\":\"ReadAction\",\"target\":[\"https:\/\/sextante.ucatolicaluisamigo.edu.co\/\"]}]},{\"@type\":\"ImageObject\",\"inLanguage\":\"es-CO\",\"@id\":\"https:\/\/sextante.ucatolicaluisamigo.edu.co\/#primaryimage\",\"url\":\"https:\/\/sextante.ucatolicaluisamigo.edu.co\/wp-content\/uploads\/2024\/10\/Petro.png\",\"contentUrl\":\"https:\/\/sextante.ucatolicaluisamigo.edu.co\/wp-content\/uploads\/2024\/10\/Petro.png\",\"width\":378,\"height\":378},{\"@type\":\"BreadcrumbList\",\"@id\":\"https:\/\/sextante.ucatolicaluisamigo.edu.co\/#breadcrumb\",\"itemListElement\":[{\"@type\":\"ListItem\",\"position\":1,\"name\":\"Inicio\",\"item\":\"https:\/\/sextante.ucatolicaluisamigo.edu.co\/\"},{\"@type\":\"ListItem\",\"position\":2,\"name\":\"Inicio\"}]},{\"@type\":\"WebSite\",\"@id\":\"https:\/\/sextante.ucatolicaluisamigo.edu.co\/#website\",\"url\":\"https:\/\/sextante.ucatolicaluisamigo.edu.co\/\",\"name\":\"Sextante Digital\",\"description\":\"ISSN: en tr\u00e1mite\",\"publisher\":{\"@id\":\"https:\/\/sextante.ucatolicaluisamigo.edu.co\/#organization\"},\"potentialAction\":[{\"@type\":\"SearchAction\",\"target\":{\"@type\":\"EntryPoint\",\"urlTemplate\":\"https:\/\/sextante.ucatolicaluisamigo.edu.co\/?s={search_term_string}\"},\"query-input\":{\"@type\":\"PropertyValueSpecification\",\"valueRequired\":true,\"valueName\":\"search_term_string\"}}],\"inLanguage\":\"es-CO\"},{\"@type\":\"Organization\",\"@id\":\"https:\/\/sextante.ucatolicaluisamigo.edu.co\/#organization\",\"name\":\"Sextante Digital\",\"url\":\"https:\/\/sextante.ucatolicaluisamigo.edu.co\/\",\"logo\":{\"@type\":\"ImageObject\",\"inLanguage\":\"es-CO\",\"@id\":\"https:\/\/sextante.ucatolicaluisamigo.edu.co\/#\/schema\/logo\/image\/\",\"url\":\"\",\"contentUrl\":\"\",\"caption\":\"Sextante Digital\"},\"image\":{\"@id\":\"https:\/\/sextante.ucatolicaluisamigo.edu.co\/#\/schema\/logo\/image\/\"}}]}<\/script>\n<!-- \/ Yoast SEO plugin. -->","yoast_head_json":{"title":"Inicio - Sextante Digital","robots":{"index":"index","follow":"follow","max-snippet":"max-snippet:-1","max-image-preview":"max-image-preview:large","max-video-preview":"max-video-preview:-1"},"canonical":"https:\/\/sextante.ucatolicaluisamigo.edu.co\/","og_locale":"es_ES","og_type":"article","og_title":"Inicio - Sextante Digital","og_description":"Tensiones y desaf\u00edos: el Gobierno Petro y la degradaci\u00f3n del periodismo cr\u00edtico en Colombia Desobediencia en las v\u00edas: la creciente problem\u00e1tica por invasi\u00f3n de carriles del Metropl\u00fas El auge del caf\u00e9: c\u00f3mo el mundo redescubre su sabor Equidad en la donaci\u00f3n de sangre: la voz de la comunidad LGTBIQ+ Vapeo: luces y sombras de una...","og_url":"https:\/\/sextante.ucatolicaluisamigo.edu.co\/","og_site_name":"Sextante Digital","article_modified_time":"2025-05-05T14:19:41+00:00","og_image":[{"url":"https:\/\/sextante.ucatolicaluisamigo.edu.co\/wp-content\/uploads\/2024\/10\/Petro-150x150.png","type":"","width":"","height":""}],"twitter_card":"summary_large_image","twitter_misc":{"Tiempo de lectura":"2 minutos"},"schema":{"@context":"https:\/\/schema.org","@graph":[{"@type":"WebPage","@id":"https:\/\/sextante.ucatolicaluisamigo.edu.co\/","url":"https:\/\/sextante.ucatolicaluisamigo.edu.co\/","name":"Inicio - Sextante Digital","isPartOf":{"@id":"https:\/\/sextante.ucatolicaluisamigo.edu.co\/#website"},"primaryImageOfPage":{"@id":"https:\/\/sextante.ucatolicaluisamigo.edu.co\/#primaryimage"},"image":{"@id":"https:\/\/sextante.ucatolicaluisamigo.edu.co\/#primaryimage"},"thumbnailUrl":"https:\/\/sextante.ucatolicaluisamigo.edu.co\/wp-content\/uploads\/2024\/10\/Petro-150x150.png","datePublished":"2019-11-03T04:44:36+00:00","dateModified":"2025-05-05T14:19:41+00:00","breadcrumb":{"@id":"https:\/\/sextante.ucatolicaluisamigo.edu.co\/#breadcrumb"},"inLanguage":"es-CO","potentialAction":[{"@type":"ReadAction","target":["https:\/\/sextante.ucatolicaluisamigo.edu.co\/"]}]},{"@type":"ImageObject","inLanguage":"es-CO","@id":"https:\/\/sextante.ucatolicaluisamigo.edu.co\/#primaryimage","url":"https:\/\/sextante.ucatolicaluisamigo.edu.co\/wp-content\/uploads\/2024\/10\/Petro.png","contentUrl":"https:\/\/sextante.ucatolicaluisamigo.edu.co\/wp-content\/uploads\/2024\/10\/Petro.png","width":378,"height":378},{"@type":"BreadcrumbList","@id":"https:\/\/sextante.ucatolicaluisamigo.edu.co\/#breadcrumb","itemListElement":[{"@type":"ListItem","position":1,"name":"Inicio","item":"https:\/\/sextante.ucatolicaluisamigo.edu.co\/"},{"@type":"ListItem","position":2,"name":"Inicio"}]},{"@type":"WebSite","@id":"https:\/\/sextante.ucatolicaluisamigo.edu.co\/#website","url":"https:\/\/sextante.ucatolicaluisamigo.edu.co\/","name":"Sextante Digital","description":"ISSN: en tr\u00e1mite","publisher":{"@id":"https:\/\/sextante.ucatolicaluisamigo.edu.co\/#organization"},"potentialAction":[{"@type":"SearchAction","target":{"@type":"EntryPoint","urlTemplate":"https:\/\/sextante.ucatolicaluisamigo.edu.co\/?s={search_term_string}"},"query-input":{"@type":"PropertyValueSpecification","valueRequired":true,"valueName":"search_term_string"}}],"inLanguage":"es-CO"},{"@type":"Organization","@id":"https:\/\/sextante.ucatolicaluisamigo.edu.co\/#organization","name":"Sextante Digital","url":"https:\/\/sextante.ucatolicaluisamigo.edu.co\/","logo":{"@type":"ImageObject","inLanguage":"es-CO","@id":"https:\/\/sextante.ucatolicaluisamigo.edu.co\/#\/schema\/logo\/image\/","url":"","contentUrl":"","caption":"Sextante Digital"},"image":{"@id":"https:\/\/sextante.ucatolicaluisamigo.edu.co\/#\/schema\/logo\/image\/"}}]}},"_links":{"self":[{"href":"https:\/\/sextante.ucatolicaluisamigo.edu.co\/index.php?rest_route=\/wp\/v2\/pages\/59","targetHints":{"allow":["GET"]}}],"collection":[{"href":"https:\/\/sextante.ucatolicaluisamigo.edu.co\/index.php?rest_route=\/wp\/v2\/pages"}],"about":[{"href":"https:\/\/sextante.ucatolicaluisamigo.edu.co\/index.php?rest_route=\/wp\/v2\/types\/page"}],"author":[{"embeddable":true,"href":"https:\/\/sextante.ucatolicaluisamigo.edu.co\/index.php?rest_route=\/wp\/v2\/users\/2"}],"replies":[{"embeddable":true,"href":"https:\/\/sextante.ucatolicaluisamigo.edu.co\/index.php?rest_route=%2Fwp%2Fv2%2Fcomments&post=59"}],"version-history":[{"count":201,"href":"https:\/\/sextante.ucatolicaluisamigo.edu.co\/index.php?rest_route=\/wp\/v2\/pages\/59\/revisions"}],"predecessor-version":[{"id":20246,"href":"https:\/\/sextante.ucatolicaluisamigo.edu.co\/index.php?rest_route=\/wp\/v2\/pages\/59\/revisions\/20246"}],"wp:attachment":[{"href":"https:\/\/sextante.ucatolicaluisamigo.edu.co\/index.php?rest_route=%2Fwp%2Fv2%2Fmedia&parent=59"}],"curies":[{"name":"wp","href":"https:\/\/api.w.org\/{rel}","templated":true}]}}